{"id":14660,"date":"2015-05-12T00:00:00","date_gmt":"2015-05-11T22:00:00","guid":{"rendered":"https:\/\/demo.wabi.it\/le-manzane\/papercigno\/expovinis-sabor-du-brasil"},"modified":"2015-05-12T00:00:00","modified_gmt":"2015-05-11T22:00:00","slug":"expovinis-sabor-du-brasil","status":"publish","type":"papercigno","link":"https:\/\/www.lemanzane.com\/en\/papercigno\/expovinis-sabor-du-brasil","title":{"rendered":"Expovinis: sabor du Brasil"},"content":{"rendered":"<p class=\"p1\"><span class=\"s1\">Ciao Amici Wine Lover<\/span><\/p>\n<p class=\"p1\"><span class=\"s1\">Il PaperCigno \u00e8 appena rientrato dal Brasile dove era volato per gustarsi qualche giorno di caldo nel lungo autunno brasiliano e per partecipare alla pi\u00f9 importante Fiera del vino del Paese: la Expovinis di San Paolo.<\/span><\/p>\n<p class=\"p1\"><span class=\"s1\">Il PaperCigno ha prestato la sua collaborazione ad un amico importatore e distributore sudamericano, elargendo notizie e informazioni sulle colline del Prosecco Superiore e sui prodotti da esse ottenuti ai visitatori, potenziali clienti, sommelier, giornalisti ma anche semplici curiosi e amanti del buon vino.<\/span><\/p>\n<p class=\"p1\"><span class=\"s1\">E&#8217; stata una tre giorni di fiera sicuramente proficua, durante la quale si sono degustati i Conegliano Valdobbiadene Superiore del PaperCigno. Si \u00e8 notato parecchio interesse ed entusiasmo e, inaspettatamente, si \u00e8 constatato che la zona del Superiore \u00e8 conosciuta e ben identificata come la zona principe per la produzione del Prosecco; questo deve rendere orgogliosa tutta la gente che opera nel Comprensorio del Conegliano Valdobbiadene e corona gli sforzi profusi per trasmettere la Superiorit\u00e0 del nostro Prodotto. <\/span><\/p>\n<p class=\"p1\"><span class=\"s1\">Il Brasile infatti, per chi non lo sapesse, \u00e8 anche produttore di &#8220;Prosecco&#8221; non riconoscendo la nostra zona come l&#8217;unica dove sia possibile produrlo anche se definisce il suo prodotto semplicemente come un &#8220;vinhos espumante branco&#8221;<span class=\"Apple-converted-space\">\u00a0 <\/span>senza particolari denominazioni.<\/span><\/p>\n<p class=\"p1\"><span class=\"s1\">Tornando a noi&#8230; finita la fiera, al fresco della sera, il gruppo si \u00e8 rilassato degustando il piatto tipico brasiliano, il Churrasco, un piatto a base di carne cotta su spiedoni con sale grosso.<\/span><\/p>\n<p class=\"p1\"><span class=\"s1\">Ad accompagnarlo non potevano mancare le abbondanti dosi di caipirinha o caipiroska.<\/span><\/p>\n<p class=\"p1\"><span class=\"s1\">Vi spiego la differenza tra i due cocktail:<\/span><\/p>\n<p class=\"p1\"><span class=\"s1\">la Caipirinha \u00e8 un cocktail a base di Cachaca (un distillato brasiliano), lime, zucchero bianco e ghiaccio mentre la Caipiroska \u00e8 una rivisitazione moderna della Caipirinha ottenuta sostituendo la Cachaca carioca con la vodka.<span class=\"Apple-converted-space\">\u00a0 <\/span>Possono essere bevute sia come aperitivo, sia fine pasto e sono chiaramente alcoliche.<\/span><\/p>\n<p class=\"p1\"><span class=\"s1\">Rientrato in Italia, resta la sensazione di un Paese con grandi possibilit\u00e0, abitato da gente simpatica e tranquilla, che aspetta la possibilit\u00e0 di far festa brindando, perch\u00e9 no, con un Conegliano Valdobbiadene Prosecco Superiore.<\/span><\/p>\n","protected":false},"author":1,"featured_media":14661,"template":"","meta":{"inline_featured_image":false},"acf":[],"yoast_head":"<!-- This site is optimized with the Yoast SEO plugin v21.3 - https:\/\/yoast.com\/wordpress\/plugins\/seo\/ -->\n<title>Expovinis: sabor du Brasil - Le Manzane<\/title>\n<meta name=\"robots\" content=\"index, follow, max-snippet:-1, max-image-preview:large, max-video-preview:-1\" \/>\n<link rel=\"canonical\" href=\"https:\/\/www.lemanzane.com\/en\/papercigno\/expovinis-sabor-du-brasil\" \/>\n<meta property=\"og:locale\" content=\"en_US\" \/>\n<meta property=\"og:type\" content=\"article\" \/>\n<meta property=\"og:title\" content=\"Expovinis: sabor du Brasil - Le Manzane\" \/>\n<meta property=\"og:description\" content=\"Ciao Amici Wine Lover Il PaperCigno \u00e8 appena rientrato dal Brasile dove era volato per gustarsi qualche giorno di caldo nel lungo autunno brasiliano e per partecipare alla pi\u00f9 importante Fiera del vino del Paese: la Expovinis di San Paolo. Il PaperCigno ha prestato la sua collaborazione ad un amico importatore e distributore sudamericano, elargendo [&hellip;]\" \/>\n<meta property=\"og:url\" content=\"https:\/\/www.lemanzane.com\/en\/papercigno\/expovinis-sabor-du-brasil\" \/>\n<meta property=\"og:site_name\" content=\"Le Manzane\" \/>\n<meta property=\"og:image\" content=\"https:\/\/www.lemanzane.com\/wp-content\/uploads\/2015\/05\/11188437_791950067520472_8597170511153938255_n-copia.jpg\" \/>\n\t<meta property=\"og:image:width\" content=\"960\" \/>\n\t<meta property=\"og:image:height\" content=\"720\" \/>\n\t<meta property=\"og:image:type\" content=\"image\/jpeg\" \/>\n<meta name=\"twitter:card\" content=\"summary_large_image\" \/>\n<meta name=\"twitter:label1\" content=\"Est. reading time\" \/>\n\t<meta name=\"twitter:data1\" content=\"2 minutes\" \/>\n<script type=\"application\/ld+json\" class=\"yoast-schema-graph\">{\"@context\":\"https:\/\/schema.org\",\"@graph\":[{\"@type\":\"WebPage\",\"@id\":\"https:\/\/www.lemanzane.com\/en\/papercigno\/expovinis-sabor-du-brasil\",\"url\":\"https:\/\/www.lemanzane.com\/en\/papercigno\/expovinis-sabor-du-brasil\",\"name\":\"Expovinis: sabor du Brasil - Le Manzane\",\"isPartOf\":{\"@id\":\"https:\/\/www.lemanzane.com\/en#website\"},\"datePublished\":\"2015-05-11T22:00:00+00:00\",\"dateModified\":\"2015-05-11T22:00:00+00:00\",\"breadcrumb\":{\"@id\":\"https:\/\/www.lemanzane.com\/en\/papercigno\/expovinis-sabor-du-brasil#breadcrumb\"},\"inLanguage\":\"en-US\",\"potentialAction\":[{\"@type\":\"ReadAction\",\"target\":[\"https:\/\/www.lemanzane.com\/en\/papercigno\/expovinis-sabor-du-brasil\"]}]},{\"@type\":\"BreadcrumbList\",\"@id\":\"https:\/\/www.lemanzane.com\/en\/papercigno\/expovinis-sabor-du-brasil#breadcrumb\",\"itemListElement\":[{\"@type\":\"ListItem\",\"position\":1,\"name\":\"Home\",\"item\":\"https:\/\/www.lemanzane.com\/en\"},{\"@type\":\"ListItem\",\"position\":2,\"name\":\"Expovinis: sabor du Brasil\"}]},{\"@type\":\"WebSite\",\"@id\":\"https:\/\/www.lemanzane.com\/en#website\",\"url\":\"https:\/\/www.lemanzane.com\/en\",\"name\":\"Le Manzane\",\"description\":\"Cantina a San Pietro di Feletto\",\"potentialAction\":[{\"@type\":\"SearchAction\",\"target\":{\"@type\":\"EntryPoint\",\"urlTemplate\":\"https:\/\/www.lemanzane.com\/en?s={search_term_string}\"},\"query-input\":\"required name=search_term_string\"}],\"inLanguage\":\"en-US\"}]}<\/script>\n<!-- \/ Yoast SEO plugin. -->","yoast_head_json":{"title":"Expovinis: sabor du Brasil - Le Manzane","robots":{"index":"index","follow":"follow","max-snippet":"max-snippet:-1","max-image-preview":"max-image-preview:large","max-video-preview":"max-video-preview:-1"},"canonical":"https:\/\/www.lemanzane.com\/en\/papercigno\/expovinis-sabor-du-brasil","og_locale":"en_US","og_type":"article","og_title":"Expovinis: sabor du Brasil - Le Manzane","og_description":"Ciao Amici Wine Lover Il PaperCigno \u00e8 appena rientrato dal Brasile dove era volato per gustarsi qualche giorno di caldo nel lungo autunno brasiliano e per partecipare alla pi\u00f9 importante Fiera del vino del Paese: la Expovinis di San Paolo. Il PaperCigno ha prestato la sua collaborazione ad un amico importatore e distributore sudamericano, elargendo [&hellip;]","og_url":"https:\/\/www.lemanzane.com\/en\/papercigno\/expovinis-sabor-du-brasil","og_site_name":"Le Manzane","og_image":[{"width":960,"height":720,"url":"https:\/\/www.lemanzane.com\/wp-content\/uploads\/2015\/05\/11188437_791950067520472_8597170511153938255_n-copia.jpg","type":"image\/jpeg"}],"twitter_card":"summary_large_image","twitter_misc":{"Est. reading time":"2 minutes"},"schema":{"@context":"https:\/\/schema.org","@graph":[{"@type":"WebPage","@id":"https:\/\/www.lemanzane.com\/en\/papercigno\/expovinis-sabor-du-brasil","url":"https:\/\/www.lemanzane.com\/en\/papercigno\/expovinis-sabor-du-brasil","name":"Expovinis: sabor du Brasil - Le Manzane","isPartOf":{"@id":"https:\/\/www.lemanzane.com\/en#website"},"datePublished":"2015-05-11T22:00:00+00:00","dateModified":"2015-05-11T22:00:00+00:00","breadcrumb":{"@id":"https:\/\/www.lemanzane.com\/en\/papercigno\/expovinis-sabor-du-brasil#breadcrumb"},"inLanguage":"en-US","potentialAction":[{"@type":"ReadAction","target":["https:\/\/www.lemanzane.com\/en\/papercigno\/expovinis-sabor-du-brasil"]}]},{"@type":"BreadcrumbList","@id":"https:\/\/www.lemanzane.com\/en\/papercigno\/expovinis-sabor-du-brasil#breadcrumb","itemListElement":[{"@type":"ListItem","position":1,"name":"Home","item":"https:\/\/www.lemanzane.com\/en"},{"@type":"ListItem","position":2,"name":"Expovinis: sabor du Brasil"}]},{"@type":"WebSite","@id":"https:\/\/www.lemanzane.com\/en#website","url":"https:\/\/www.lemanzane.com\/en","name":"Le Manzane","description":"Cantina a San Pietro di Feletto","potentialAction":[{"@type":"SearchAction","target":{"@type":"EntryPoint","urlTemplate":"https:\/\/www.lemanzane.com\/en?s={search_term_string}"},"query-input":"required name=search_term_string"}],"inLanguage":"en-US"}]}},"_links":{"self":[{"href":"https:\/\/www.lemanzane.com\/en\/wp-json\/wp\/v2\/papercigno\/14660"}],"collection":[{"href":"https:\/\/www.lemanzane.com\/en\/wp-json\/wp\/v2\/papercigno"}],"about":[{"href":"https:\/\/www.lemanzane.com\/en\/wp-json\/wp\/v2\/types\/papercigno"}],"author":[{"embeddable":true,"href":"https:\/\/www.lemanzane.com\/en\/wp-json\/wp\/v2\/users\/1"}],"version-history":[{"count":0,"href":"https:\/\/www.lemanzane.com\/en\/wp-json\/wp\/v2\/papercigno\/14660\/revisions"}],"wp:featuredmedia":[{"embeddable":true,"href":"https:\/\/www.lemanzane.com\/en\/wp-json\/wp\/v2\/media\/14661"}],"wp:attachment":[{"href":"https:\/\/www.lemanzane.com\/en\/wp-json\/wp\/v2\/media?parent=14660"}],"curies":[{"name":"wp","href":"https:\/\/api.w.org\/{rel}","templated":true}]}}