{"id":14707,"date":"2014-04-17T00:00:00","date_gmt":"2014-04-16T22:00:00","guid":{"rendered":"https:\/\/demo.wabi.it\/le-manzane\/papercigno\/il-pranzo-e-servito-si-festeggi-la-pasqua"},"modified":"2014-04-17T00:00:00","modified_gmt":"2014-04-16T22:00:00","slug":"il-pranzo-e-servito-si-festeggi-la-pasqua","status":"publish","type":"papercigno","link":"https:\/\/www.lemanzane.com\/en\/papercigno\/il-pranzo-e-servito-si-festeggi-la-pasqua","title":{"rendered":"Il pranzo \u00e8 servito, si festeggi la Pasqua!"},"content":{"rendered":"<p>Ci siamo amici, ancora pochi giorni e si festeggia Pasqua. Io sono un PaperCigno goloso e sto gi\u00e0 pensando al menu per il pranzo della domenica. Scegliere il vino da abbinare ai piatti \u00e8 la parte che mi diverte di pi\u00f9 e quest\u2019anno \u00e8 particolarmente intrigante perch\u00e9 parteciper\u00f2 ad un pranzo a base di fiori e erbette di campo.<\/p>\n<p>Non ci credete? Vi scrivo le ricette cos\u00ec potrete verificare voi stessi e godere delle bont\u00e0 che la natura ci offre. Molte delle erbe le raccolgo tra i filari, i fiori, invece, sono nei campi vicini alle vigne. Li avrete visti molte volte anche voi, magari non sapete che si possono mangiare ma il vostro PaperCigno ora vi insegna i trucchi della buona cucina.<\/p>\n<p><strong>Radici e fasioi<\/strong>\u00a0\u2013 Ricetta ufficiale della congrega dei radici e fasioi.<\/p>\n<p><strong>Vino scelto<\/strong>:\u00a0<strong><em>Conegliano Valdobbiadene \u00a0DOCG Prosecco Superiore Millesimato 20.10<\/em><\/strong><\/p>\n<p>300gr. Fagioli Borlotti di Lamon \u2013 1 costa di sedano \u00a0&#8211; 1 cipolla piccola \u2013 1 carota piccola \u2013 1 testa d\u2019aglio \u2013 1 ramoscello di rosmarino \u2013 4 filetti d\u2019acciuga \u2013 sale, pepe q.b.<\/p>\n<p>Mettere a bagno i fagioli per 16 ore. Mettere in una pentola con molta acqua fagioli, sedano, cipolla, carota, sale e pepe. Cuocere il tutto per circa un\u2019ora, senza mai mescolare. In un tegame mettere olio d\u2019oliva extra vergine e tagliare l\u2019aglio in camicia di traverso, farlo rosolare, togliere l\u2019aglio e intingere il ramoscello di rosmarino per pochi secondi. Togliere dal fuoco, \u00a0aggiungere le acciughe e con una forchetta, sminuzzare fino a scioglierle; a questo punto \u00e8 passata un\u2019ora e i fagioli sono pronti. Togliere tutta l\u2019acqua e metterla da parte, schiacciare i fagioli con forchetta e schiumarola. Aggiungere il soffritto e mescolare bene, aggiungere eventualmente un po\u2019 dell\u2019acqua tolta precedentemente a seconda della densit\u00e0 dei fagioli. Da ricordare che i radici e fasioi vanno mangiati con la forchetta e perci\u00f2 i fagioli devono essere densi in maniera da rimanere attaccati al radicchio.<\/p>\n<p><strong>Frittata di asparagi selvatici e prosciutto\u00a0<\/strong>\u2013 Collana Sapori veneti, Le erbe spontanee di primavera.<\/p>\n<p><strong>Vino scelto<\/strong>:\u00a0<strong><em>Conegliano Valdobbiadene DOCG Prosecco Superiore Brut<\/em><\/strong><\/p>\n<p>2 mazzetti di asparagi selvatici \u2013 6 uova \u2013 3 cucchiai di latte intero \u2013 sale fino \u2013 pepe nero \u2013 6 fette di prosciutto Veneto DOP \u2013 4 cucchiaini di burro<\/p>\n<p>Pulisci gli asparagi selvatici, lavali e sbollentali nell\u2019acqua salata per 3 o A minuti, poi mettili in una terrina capiente con dell\u2019acqua fredda per non far perdere loro il colore. Dopo 5 minuti toglili dall\u2019acqua e tagliali a pezzetti non troppo grandi. Sbatti leggermente le uova con il latte e insaporisci con una spruzzata di sale e con una macinata di pepe fresco. Taglia le fette di prosciutto a striscioline. Unisci le uova, gli asparagi e il prosciutto. Scalda un piccolo padellino, aggiungi un cucchiaino di burro e versa Vi del preparato. Cuoci la frittatina a fuoco basso per qualche minuto. Procedi allo stesso modo con il resto degli ingredienti. In alternativa, puoi fare un\u2019unica frittata e tagliarla poi a fette prima di servirla.<\/p>\n<p><strong>Frittelle dolci di fiori d\u2019acacia\u00a0<\/strong>&#8211; Collana Sapori veneti, Le erbe spontanee di primavera.<\/p>\n<p><strong>Vino scelto<\/strong>:\u00a0<strong><em>Conegliano Valdobbiadene DOCG Prosecco Superiore Extra Dry<\/em><\/strong><\/p>\n<p>Setaccia la farina in una terrina e mettine da parte 50 g. Sciogli i due tipi di lievito in 100 mi d\u2019acqua tiepida, aggiungi i 50 g di farina, mescola e unisci il tutto nella terrina con il resto della farina. Versa l\u2019acqua rimanente e comincia a impastare. Usa un robot da cucina, poich\u00e9 l\u2019impasto, piuttosto liquido, deve essere lavorato per 15 minuti. Compiuta quest\u2019operazione, copri la terrina con un canovaccio e lascia lievitare in un luogo tiepido per un\u2019ora e mezzo. Lava delicatamente i fiori d\u2019acacia, asciugali, sgranali dai grappolini e uniscili all\u2019impasto lievitato. Prelevane un po\u2019 con due cucchiai unti e friggi le frittelle in olio bollente due minuti per lato. Asciugale sulla carta assorbente, rotolale nello zucchero e servile calde.<\/p>\n<p><em>Il pranzo \u00e8 servito, si festeggi la Pasqua<\/em>\u00a0<img decoding=\"async\" class=\"wp-smiley\" src=\"http:\/\/www.marcadoc.com\/wp-includes\/images\/smilies\/icon_smile.gif\" alt=\":-)\" \/><\/p>\n","protected":false},"author":1,"featured_media":14708,"template":"","meta":{"inline_featured_image":false},"acf":[],"yoast_head":"<!-- This site is optimized with the Yoast SEO plugin v21.3 - https:\/\/yoast.com\/wordpress\/plugins\/seo\/ -->\n<title>Il pranzo \u00e8 servito, si festeggi la Pasqua! - Le Manzane<\/title>\n<meta name=\"robots\" content=\"index, follow, max-snippet:-1, max-image-preview:large, max-video-preview:-1\" \/>\n<link rel=\"canonical\" href=\"https:\/\/www.lemanzane.com\/en\/papercigno\/il-pranzo-e-servito-si-festeggi-la-pasqua\" \/>\n<meta property=\"og:locale\" content=\"en_US\" \/>\n<meta property=\"og:type\" content=\"article\" \/>\n<meta property=\"og:title\" content=\"Il pranzo \u00e8 servito, si festeggi la Pasqua! - Le Manzane\" \/>\n<meta property=\"og:description\" content=\"Ci siamo amici, ancora pochi giorni e si festeggia Pasqua. Io sono un PaperCigno goloso e sto gi\u00e0 pensando al menu per il pranzo della domenica. Scegliere il vino da abbinare ai piatti \u00e8 la parte che mi diverte di pi\u00f9 e quest\u2019anno \u00e8 particolarmente intrigante perch\u00e9 parteciper\u00f2 ad un pranzo a base di fiori [&hellip;]\" \/>\n<meta property=\"og:url\" content=\"https:\/\/www.lemanzane.com\/en\/papercigno\/il-pranzo-e-servito-si-festeggi-la-pasqua\" \/>\n<meta property=\"og:site_name\" content=\"Le Manzane\" \/>\n<meta property=\"og:image\" content=\"https:\/\/www.lemanzane.com\/wp-content\/uploads\/2014\/04\/17834058_1235847643130710_6891357932710383834_o.png\" \/>\n\t<meta property=\"og:image:width\" content=\"1080\" \/>\n\t<meta property=\"og:image:height\" content=\"1080\" \/>\n\t<meta property=\"og:image:type\" content=\"image\/png\" \/>\n<meta name=\"twitter:card\" content=\"summary_large_image\" \/>\n<meta name=\"twitter:label1\" content=\"Est. reading time\" \/>\n\t<meta name=\"twitter:data1\" content=\"3 minutes\" \/>\n<script type=\"application\/ld+json\" class=\"yoast-schema-graph\">{\"@context\":\"https:\/\/schema.org\",\"@graph\":[{\"@type\":\"WebPage\",\"@id\":\"https:\/\/www.lemanzane.com\/en\/papercigno\/il-pranzo-e-servito-si-festeggi-la-pasqua\",\"url\":\"https:\/\/www.lemanzane.com\/en\/papercigno\/il-pranzo-e-servito-si-festeggi-la-pasqua\",\"name\":\"Il pranzo \u00e8 servito, si festeggi la Pasqua! - Le Manzane\",\"isPartOf\":{\"@id\":\"https:\/\/www.lemanzane.com\/en#website\"},\"datePublished\":\"2014-04-16T22:00:00+00:00\",\"dateModified\":\"2014-04-16T22:00:00+00:00\",\"breadcrumb\":{\"@id\":\"https:\/\/www.lemanzane.com\/en\/papercigno\/il-pranzo-e-servito-si-festeggi-la-pasqua#breadcrumb\"},\"inLanguage\":\"en-US\",\"potentialAction\":[{\"@type\":\"ReadAction\",\"target\":[\"https:\/\/www.lemanzane.com\/en\/papercigno\/il-pranzo-e-servito-si-festeggi-la-pasqua\"]}]},{\"@type\":\"BreadcrumbList\",\"@id\":\"https:\/\/www.lemanzane.com\/en\/papercigno\/il-pranzo-e-servito-si-festeggi-la-pasqua#breadcrumb\",\"itemListElement\":[{\"@type\":\"ListItem\",\"position\":1,\"name\":\"Home\",\"item\":\"https:\/\/www.lemanzane.com\/en\"},{\"@type\":\"ListItem\",\"position\":2,\"name\":\"Il pranzo \u00e8 servito, si festeggi la Pasqua!\"}]},{\"@type\":\"WebSite\",\"@id\":\"https:\/\/www.lemanzane.com\/en#website\",\"url\":\"https:\/\/www.lemanzane.com\/en\",\"name\":\"Le Manzane\",\"description\":\"Cantina a San Pietro di Feletto\",\"potentialAction\":[{\"@type\":\"SearchAction\",\"target\":{\"@type\":\"EntryPoint\",\"urlTemplate\":\"https:\/\/www.lemanzane.com\/en?s={search_term_string}\"},\"query-input\":\"required name=search_term_string\"}],\"inLanguage\":\"en-US\"}]}<\/script>\n<!-- \/ Yoast SEO plugin. -->","yoast_head_json":{"title":"Il pranzo \u00e8 servito, si festeggi la Pasqua! - Le Manzane","robots":{"index":"index","follow":"follow","max-snippet":"max-snippet:-1","max-image-preview":"max-image-preview:large","max-video-preview":"max-video-preview:-1"},"canonical":"https:\/\/www.lemanzane.com\/en\/papercigno\/il-pranzo-e-servito-si-festeggi-la-pasqua","og_locale":"en_US","og_type":"article","og_title":"Il pranzo \u00e8 servito, si festeggi la Pasqua! - Le Manzane","og_description":"Ci siamo amici, ancora pochi giorni e si festeggia Pasqua. Io sono un PaperCigno goloso e sto gi\u00e0 pensando al menu per il pranzo della domenica. Scegliere il vino da abbinare ai piatti \u00e8 la parte che mi diverte di pi\u00f9 e quest\u2019anno \u00e8 particolarmente intrigante perch\u00e9 parteciper\u00f2 ad un pranzo a base di fiori [&hellip;]","og_url":"https:\/\/www.lemanzane.com\/en\/papercigno\/il-pranzo-e-servito-si-festeggi-la-pasqua","og_site_name":"Le Manzane","og_image":[{"width":1080,"height":1080,"url":"https:\/\/www.lemanzane.com\/wp-content\/uploads\/2014\/04\/17834058_1235847643130710_6891357932710383834_o.png","type":"image\/png"}],"twitter_card":"summary_large_image","twitter_misc":{"Est. reading time":"3 minutes"},"schema":{"@context":"https:\/\/schema.org","@graph":[{"@type":"WebPage","@id":"https:\/\/www.lemanzane.com\/en\/papercigno\/il-pranzo-e-servito-si-festeggi-la-pasqua","url":"https:\/\/www.lemanzane.com\/en\/papercigno\/il-pranzo-e-servito-si-festeggi-la-pasqua","name":"Il pranzo \u00e8 servito, si festeggi la Pasqua! - Le Manzane","isPartOf":{"@id":"https:\/\/www.lemanzane.com\/en#website"},"datePublished":"2014-04-16T22:00:00+00:00","dateModified":"2014-04-16T22:00:00+00:00","breadcrumb":{"@id":"https:\/\/www.lemanzane.com\/en\/papercigno\/il-pranzo-e-servito-si-festeggi-la-pasqua#breadcrumb"},"inLanguage":"en-US","potentialAction":[{"@type":"ReadAction","target":["https:\/\/www.lemanzane.com\/en\/papercigno\/il-pranzo-e-servito-si-festeggi-la-pasqua"]}]},{"@type":"BreadcrumbList","@id":"https:\/\/www.lemanzane.com\/en\/papercigno\/il-pranzo-e-servito-si-festeggi-la-pasqua#breadcrumb","itemListElement":[{"@type":"ListItem","position":1,"name":"Home","item":"https:\/\/www.lemanzane.com\/en"},{"@type":"ListItem","position":2,"name":"Il pranzo \u00e8 servito, si festeggi la Pasqua!"}]},{"@type":"WebSite","@id":"https:\/\/www.lemanzane.com\/en#website","url":"https:\/\/www.lemanzane.com\/en","name":"Le Manzane","description":"Cantina a San Pietro di Feletto","potentialAction":[{"@type":"SearchAction","target":{"@type":"EntryPoint","urlTemplate":"https:\/\/www.lemanzane.com\/en?s={search_term_string}"},"query-input":"required name=search_term_string"}],"inLanguage":"en-US"}]}},"_links":{"self":[{"href":"https:\/\/www.lemanzane.com\/en\/wp-json\/wp\/v2\/papercigno\/14707"}],"collection":[{"href":"https:\/\/www.lemanzane.com\/en\/wp-json\/wp\/v2\/papercigno"}],"about":[{"href":"https:\/\/www.lemanzane.com\/en\/wp-json\/wp\/v2\/types\/papercigno"}],"author":[{"embeddable":true,"href":"https:\/\/www.lemanzane.com\/en\/wp-json\/wp\/v2\/users\/1"}],"version-history":[{"count":0,"href":"https:\/\/www.lemanzane.com\/en\/wp-json\/wp\/v2\/papercigno\/14707\/revisions"}],"wp:featuredmedia":[{"embeddable":true,"href":"https:\/\/www.lemanzane.com\/en\/wp-json\/wp\/v2\/media\/14708"}],"wp:attachment":[{"href":"https:\/\/www.lemanzane.com\/en\/wp-json\/wp\/v2\/media?parent=14707"}],"curies":[{"name":"wp","href":"https:\/\/api.w.org\/{rel}","templated":true}]}}