{"id":19244,"date":"2025-03-10T17:16:32","date_gmt":"2025-03-10T16:16:32","guid":{"rendered":"https:\/\/www.lemanzane.com\/?post_type=papercigno&#038;p=19244"},"modified":"2025-03-19T10:02:43","modified_gmt":"2025-03-19T09:02:43","slug":"19244","status":"publish","type":"papercigno","link":"https:\/\/www.lemanzane.com\/en\/papercigno\/19244","title":{"rendered":"Springo Black: eleganza e tradizione in un bicchiere"},"content":{"rendered":"<h2><strong>PAPERCIGNO CURIOSO<\/strong><\/h2>\n<p><strong>Anno 2025 \u00a0n 3<\/strong><\/p>\n<p><strong>Cari Amici Wine Lovers,<\/strong><\/p>\n<p data-start=\"71\" data-end=\"386\">Oggi vi voglio raccontare di un <strong>nuovo arrivo<\/strong> che ci rende particolarmente orgogliosi: <strong><em data-start=\"157\" data-end=\"172\">Springo Black<\/em><\/strong>, il nostro Conegliano Prosecco Superiore Rive di Rua DOCG brut, che far\u00e0 il suo <strong>debutto ufficiale al Vinitaly<\/strong>. Un nuovo SPRINGO nella nostra collezione, ricco di passione, tradizione e un pizzico di mistero.<\/p>\n<p data-start=\"71\" data-end=\"386\"><img decoding=\"async\" loading=\"lazy\" class=\"wp-image-19253 aligncenter\" src=\"https:\/\/www.lemanzane.com\/wp-content\/uploads\/2025\/03\/PHOTO-2024-05-22-11-19-22-300x225.jpg\" alt=\"\" width=\"431\" height=\"323\" srcset=\"https:\/\/www.lemanzane.com\/wp-content\/uploads\/2025\/03\/PHOTO-2024-05-22-11-19-22-300x225.jpg 300w, https:\/\/www.lemanzane.com\/wp-content\/uploads\/2025\/03\/PHOTO-2024-05-22-11-19-22-1024x768.jpg 1024w, https:\/\/www.lemanzane.com\/wp-content\/uploads\/2025\/03\/PHOTO-2024-05-22-11-19-22-768x576.jpg 768w, https:\/\/www.lemanzane.com\/wp-content\/uploads\/2025\/03\/PHOTO-2024-05-22-11-19-22-1536x1152.jpg 1536w, https:\/\/www.lemanzane.com\/wp-content\/uploads\/2025\/03\/PHOTO-2024-05-22-11-19-22-400x300.jpg 400w, https:\/\/www.lemanzane.com\/wp-content\/uploads\/2025\/03\/PHOTO-2024-05-22-11-19-22-320x240.jpg 320w, https:\/\/www.lemanzane.com\/wp-content\/uploads\/2025\/03\/PHOTO-2024-05-22-11-19-22-1000x750.jpg 1000w, https:\/\/www.lemanzane.com\/wp-content\/uploads\/2025\/03\/PHOTO-2024-05-22-11-19-22.jpg 1600w\" sizes=\"(max-width: 431px) 100vw, 431px\" \/><\/p>\n<p data-start=\"388\" data-end=\"915\">Springo Black <strong>nasce da una terra che racconta una storia di famiglia mai svelata prima<\/strong>. Le uve provengono da un vigneto speciale, che un tempo <strong>apparteneva ad Antonio Gio Maria Ceschin, il bisnonno della nostra Silvana<\/strong>. Era conosciuto come il \u201csindaco\u201d del paese, una figura che ha lasciato il segno in tanti cuori. Quando Silvana e suo fratello hanno deciso di non lasciare che quel pezzo di storia andasse perso, hanno preso una decisione coraggiosa: riportare in vita il vigneto, per mantenere intatta la tradizione.<\/p>\n<p data-start=\"388\" data-end=\"915\"><img decoding=\"async\" loading=\"lazy\" class=\" wp-image-19245 alignright\" src=\"https:\/\/www.lemanzane.com\/wp-content\/uploads\/2025\/03\/PHOTO-2024-05-22-11-19-23-3-300x225.jpg\" alt=\"\" width=\"408\" height=\"306\" srcset=\"https:\/\/www.lemanzane.com\/wp-content\/uploads\/2025\/03\/PHOTO-2024-05-22-11-19-23-3-300x225.jpg 300w, https:\/\/www.lemanzane.com\/wp-content\/uploads\/2025\/03\/PHOTO-2024-05-22-11-19-23-3-1024x768.jpg 1024w, https:\/\/www.lemanzane.com\/wp-content\/uploads\/2025\/03\/PHOTO-2024-05-22-11-19-23-3-768x576.jpg 768w, https:\/\/www.lemanzane.com\/wp-content\/uploads\/2025\/03\/PHOTO-2024-05-22-11-19-23-3-1536x1152.jpg 1536w, https:\/\/www.lemanzane.com\/wp-content\/uploads\/2025\/03\/PHOTO-2024-05-22-11-19-23-3-400x300.jpg 400w, https:\/\/www.lemanzane.com\/wp-content\/uploads\/2025\/03\/PHOTO-2024-05-22-11-19-23-3-320x240.jpg 320w, https:\/\/www.lemanzane.com\/wp-content\/uploads\/2025\/03\/PHOTO-2024-05-22-11-19-23-3-1000x750.jpg 1000w, https:\/\/www.lemanzane.com\/wp-content\/uploads\/2025\/03\/PHOTO-2024-05-22-11-19-23-3.jpg 1600w\" sizes=\"(max-width: 408px) 100vw, 408px\" \/><\/p>\n<p data-start=\"917\" data-end=\"1398\">E cos\u00ec,<strong> <em data-start=\"925\" data-end=\"940\">Springo Black<\/em> \u00e8 un omaggio a quelle radici<\/strong>.<\/p>\n<p data-start=\"917\" data-end=\"1398\">Si presenta nel calice con un perlage fine e persistente, che conquista fin dal primo sorso. Al naso, sprigiona freschezza e mineralit\u00e0, con sentori di fiori bianchi e leggere note di panificazione, grazie alla lunga sosta sui lieviti. In bocca \u00e8 intenso, minerale e croccante, con una sapidit\u00e0 che lo rende davvero unico.<\/p>\n<p data-start=\"917\" data-end=\"1398\"><strong>La sua struttura decisa e il profilo aromatico profondo raccontano la forza della terra da cui proviene.<\/strong><\/p>\n<p data-start=\"917\" data-end=\"1398\"><img decoding=\"async\" loading=\"lazy\" class=\"alignnone wp-image-19247\" src=\"https:\/\/www.lemanzane.com\/wp-content\/uploads\/2025\/03\/0B0A8028-CLM-S-9-mr-200x300.jpg\" alt=\"\" width=\"313\" height=\"470\" srcset=\"https:\/\/www.lemanzane.com\/wp-content\/uploads\/2025\/03\/0B0A8028-CLM-S-9-mr-200x300.jpg 200w, https:\/\/www.lemanzane.com\/wp-content\/uploads\/2025\/03\/0B0A8028-CLM-S-9-mr-683x1024.jpg 683w, https:\/\/www.lemanzane.com\/wp-content\/uploads\/2025\/03\/0B0A8028-CLM-S-9-mr-768x1152.jpg 768w, https:\/\/www.lemanzane.com\/wp-content\/uploads\/2025\/03\/0B0A8028-CLM-S-9-mr-1024x1536.jpg 1024w, https:\/\/www.lemanzane.com\/wp-content\/uploads\/2025\/03\/0B0A8028-CLM-S-9-mr-400x600.jpg 400w, https:\/\/www.lemanzane.com\/wp-content\/uploads\/2025\/03\/0B0A8028-CLM-S-9-mr-300x450.jpg 300w, https:\/\/www.lemanzane.com\/wp-content\/uploads\/2025\/03\/0B0A8028-CLM-S-9-mr-160x240.jpg 160w, https:\/\/www.lemanzane.com\/wp-content\/uploads\/2025\/03\/0B0A8028-CLM-S-9-mr-1000x1500.jpg 1000w, https:\/\/www.lemanzane.com\/wp-content\/uploads\/2025\/03\/0B0A8028-CLM-S-9-mr.jpg 1311w\" sizes=\"(max-width: 313px) 100vw, 313px\" \/><\/p>\n<p data-start=\"1400\" data-end=\"1686\">Ogni bottiglia di <em data-start=\"1418\" data-end=\"1433\">Springo Black<\/em> \u00e8 un piccolo tributo alla nostra storia familiare, e alla passione che mettiamo in ogni cosa che facciamo.<br \/>\n<strong>Il packaging<\/strong> \u00e8, come sempre, elegante e raffinato, <strong>con una velina nera che avvolge la bottiglia, conferendole un fascino misterioso e distintivo<\/strong>.<\/p>\n<p data-start=\"1688\" data-end=\"1887\">Ma non \u00e8 tutto! <strong><em data-start=\"1704\" data-end=\"1719\">Springo Black<\/em> \u00e8 prodotto in edizione limitata: solo 11.930 bottiglie numerate<\/strong>, pronte per essere prenotate.<br \/>\n<strong>Sar\u00e0 disponibile dal mese di aprile.<\/strong><\/p>\n<p data-start=\"1889\" data-end=\"2081\">Non vediamo l\u2019ora di farvelo assaporare e raccontarvi questa nuova storia al Vinitaly, dal 6 al 9 aprile 2025, al Padiglione 5 &#8211; Stand F5.<br \/>\nUnisciti a noi per brindare a questa nuova avventura!<\/p>\n<p style=\"text-align: right;\" data-start=\"2083\" data-end=\"2114\" data-is-only-node=\"\" data-is-last-node=\"\">Con passione,<br data-start=\"2096\" data-end=\"2099\" \/><em data-start=\"2099\" data-end=\"2114\" data-is-last-node=\"\">Il vostro Papercigno<\/em><\/p>\n","protected":false},"author":3,"featured_media":19249,"template":"","meta":{"inline_featured_image":false},"acf":[],"yoast_head":"<!-- This site is optimized with the Yoast SEO plugin v21.3 - https:\/\/yoast.com\/wordpress\/plugins\/seo\/ -->\n<title>Springo Black: eleganza e tradizione in un bicchiere - Le Manzane<\/title>\n<meta name=\"robots\" content=\"index, follow, max-snippet:-1, max-image-preview:large, max-video-preview:-1\" \/>\n<link rel=\"canonical\" href=\"https:\/\/www.lemanzane.com\/en\/papercigno\/19244\" \/>\n<meta property=\"og:locale\" content=\"en_US\" \/>\n<meta property=\"og:type\" content=\"article\" \/>\n<meta property=\"og:title\" content=\"Springo Black: eleganza e tradizione in un bicchiere - Le Manzane\" \/>\n<meta property=\"og:description\" content=\"PAPERCIGNO CURIOSO Anno 2025 \u00a0n 3 Cari Amici Wine Lovers, Oggi vi voglio raccontare di un nuovo arrivo che ci rende particolarmente orgogliosi: Springo Black, il nostro Conegliano Prosecco Superiore Rive di Rua DOCG brut, che far\u00e0 il suo debutto ufficiale al Vinitaly. Un nuovo SPRINGO nella nostra collezione, ricco di passione, tradizione e un [&hellip;]\" \/>\n<meta property=\"og:url\" content=\"https:\/\/www.lemanzane.com\/en\/papercigno\/19244\" \/>\n<meta property=\"og:site_name\" content=\"Le Manzane\" \/>\n<meta property=\"article:modified_time\" content=\"2025-03-19T09:02:43+00:00\" \/>\n<meta property=\"og:image\" content=\"https:\/\/www.lemanzane.com\/wp-content\/uploads\/2025\/03\/0B0A8137-CLM-S-5-mr.jpg\" \/>\n\t<meta property=\"og:image:width\" content=\"1966\" \/>\n\t<meta property=\"og:image:height\" content=\"1311\" \/>\n\t<meta property=\"og:image:type\" content=\"image\/jpeg\" \/>\n<meta name=\"twitter:card\" content=\"summary_large_image\" \/>\n<meta name=\"twitter:label1\" content=\"Est. reading time\" \/>\n\t<meta name=\"twitter:data1\" content=\"3 minutes\" \/>\n<script type=\"application\/ld+json\" class=\"yoast-schema-graph\">{\"@context\":\"https:\/\/schema.org\",\"@graph\":[{\"@type\":\"WebPage\",\"@id\":\"https:\/\/www.lemanzane.com\/en\/papercigno\/19244\",\"url\":\"https:\/\/www.lemanzane.com\/en\/papercigno\/19244\",\"name\":\"Springo Black: eleganza e tradizione in un bicchiere - Le Manzane\",\"isPartOf\":{\"@id\":\"https:\/\/www.lemanzane.com\/en#website\"},\"datePublished\":\"2025-03-10T16:16:32+00:00\",\"dateModified\":\"2025-03-19T09:02:43+00:00\",\"breadcrumb\":{\"@id\":\"https:\/\/www.lemanzane.com\/en\/papercigno\/19244#breadcrumb\"},\"inLanguage\":\"en-US\",\"potentialAction\":[{\"@type\":\"ReadAction\",\"target\":[\"https:\/\/www.lemanzane.com\/en\/papercigno\/19244\"]}]},{\"@type\":\"BreadcrumbList\",\"@id\":\"https:\/\/www.lemanzane.com\/en\/papercigno\/19244#breadcrumb\",\"itemListElement\":[{\"@type\":\"ListItem\",\"position\":1,\"name\":\"Home\",\"item\":\"https:\/\/www.lemanzane.com\/en\"},{\"@type\":\"ListItem\",\"position\":2,\"name\":\"Springo Black: eleganza e tradizione in un bicchiere\"}]},{\"@type\":\"WebSite\",\"@id\":\"https:\/\/www.lemanzane.com\/en#website\",\"url\":\"https:\/\/www.lemanzane.com\/en\",\"name\":\"Le Manzane\",\"description\":\"Cantina a San Pietro di Feletto\",\"potentialAction\":[{\"@type\":\"SearchAction\",\"target\":{\"@type\":\"EntryPoint\",\"urlTemplate\":\"https:\/\/www.lemanzane.com\/en?s={search_term_string}\"},\"query-input\":\"required name=search_term_string\"}],\"inLanguage\":\"en-US\"}]}<\/script>\n<!-- \/ Yoast SEO plugin. -->","yoast_head_json":{"title":"Springo Black: eleganza e tradizione in un bicchiere - Le Manzane","robots":{"index":"index","follow":"follow","max-snippet":"max-snippet:-1","max-image-preview":"max-image-preview:large","max-video-preview":"max-video-preview:-1"},"canonical":"https:\/\/www.lemanzane.com\/en\/papercigno\/19244","og_locale":"en_US","og_type":"article","og_title":"Springo Black: eleganza e tradizione in un bicchiere - Le Manzane","og_description":"PAPERCIGNO CURIOSO Anno 2025 \u00a0n 3 Cari Amici Wine Lovers, Oggi vi voglio raccontare di un nuovo arrivo che ci rende particolarmente orgogliosi: Springo Black, il nostro Conegliano Prosecco Superiore Rive di Rua DOCG brut, che far\u00e0 il suo debutto ufficiale al Vinitaly. Un nuovo SPRINGO nella nostra collezione, ricco di passione, tradizione e un [&hellip;]","og_url":"https:\/\/www.lemanzane.com\/en\/papercigno\/19244","og_site_name":"Le Manzane","article_modified_time":"2025-03-19T09:02:43+00:00","og_image":[{"width":1966,"height":1311,"url":"https:\/\/www.lemanzane.com\/wp-content\/uploads\/2025\/03\/0B0A8137-CLM-S-5-mr.jpg","type":"image\/jpeg"}],"twitter_card":"summary_large_image","twitter_misc":{"Est. reading time":"3 minutes"},"schema":{"@context":"https:\/\/schema.org","@graph":[{"@type":"WebPage","@id":"https:\/\/www.lemanzane.com\/en\/papercigno\/19244","url":"https:\/\/www.lemanzane.com\/en\/papercigno\/19244","name":"Springo Black: eleganza e tradizione in un bicchiere - Le Manzane","isPartOf":{"@id":"https:\/\/www.lemanzane.com\/en#website"},"datePublished":"2025-03-10T16:16:32+00:00","dateModified":"2025-03-19T09:02:43+00:00","breadcrumb":{"@id":"https:\/\/www.lemanzane.com\/en\/papercigno\/19244#breadcrumb"},"inLanguage":"en-US","potentialAction":[{"@type":"ReadAction","target":["https:\/\/www.lemanzane.com\/en\/papercigno\/19244"]}]},{"@type":"BreadcrumbList","@id":"https:\/\/www.lemanzane.com\/en\/papercigno\/19244#breadcrumb","itemListElement":[{"@type":"ListItem","position":1,"name":"Home","item":"https:\/\/www.lemanzane.com\/en"},{"@type":"ListItem","position":2,"name":"Springo Black: eleganza e tradizione in un bicchiere"}]},{"@type":"WebSite","@id":"https:\/\/www.lemanzane.com\/en#website","url":"https:\/\/www.lemanzane.com\/en","name":"Le Manzane","description":"Cantina a San Pietro di Feletto","potentialAction":[{"@type":"SearchAction","target":{"@type":"EntryPoint","urlTemplate":"https:\/\/www.lemanzane.com\/en?s={search_term_string}"},"query-input":"required name=search_term_string"}],"inLanguage":"en-US"}]}},"_links":{"self":[{"href":"https:\/\/www.lemanzane.com\/en\/wp-json\/wp\/v2\/papercigno\/19244"}],"collection":[{"href":"https:\/\/www.lemanzane.com\/en\/wp-json\/wp\/v2\/papercigno"}],"about":[{"href":"https:\/\/www.lemanzane.com\/en\/wp-json\/wp\/v2\/types\/papercigno"}],"author":[{"embeddable":true,"href":"https:\/\/www.lemanzane.com\/en\/wp-json\/wp\/v2\/users\/3"}],"version-history":[{"count":8,"href":"https:\/\/www.lemanzane.com\/en\/wp-json\/wp\/v2\/papercigno\/19244\/revisions"}],"predecessor-version":[{"id":19298,"href":"https:\/\/www.lemanzane.com\/en\/wp-json\/wp\/v2\/papercigno\/19244\/revisions\/19298"}],"wp:featuredmedia":[{"embeddable":true,"href":"https:\/\/www.lemanzane.com\/en\/wp-json\/wp\/v2\/media\/19249"}],"wp:attachment":[{"href":"https:\/\/www.lemanzane.com\/en\/wp-json\/wp\/v2\/media?parent=19244"}],"curies":[{"name":"wp","href":"https:\/\/api.w.org\/{rel}","templated":true}]}}