{"id":20176,"date":"2026-03-09T18:28:32","date_gmt":"2026-03-09T17:28:32","guid":{"rendered":"https:\/\/www.lemanzane.com\/?post_type=papercigno&#038;p=20176"},"modified":"2026-03-10T09:34:34","modified_gmt":"2026-03-10T08:34:34","slug":"etichetta-braille-conegliano-valdobbiadene-prosecco-superiore-docg","status":"publish","type":"papercigno","link":"https:\/\/www.lemanzane.com\/en\/papercigno\/etichetta-braille-conegliano-valdobbiadene-prosecco-superiore-docg","title":{"rendered":"Un vino che si pu\u00f2 leggere: l\u2019etichetta in Braille del Conegliano Valdobbiadene Prosecco Superiore DOCG Le Manzane"},"content":{"rendered":"<h2 data-start=\"426\" data-end=\"632\">PaperCigno INCLUSIVO<\/h2>\n<p data-start=\"426\" data-end=\"632\"><strong>Anno 2026 \u00a0n 3<\/strong><\/p>\n<p data-start=\"426\" data-end=\"632\">Cari amici winelovers,<\/p>\n<p data-start=\"474\" data-end=\"633\">Tra le colline del <strong data-start=\"493\" data-end=\"545\">Conegliano Valdobbiadene Prosecco Superiore DOCG<\/strong>, il vino \u00e8 molto pi\u00f9 di una semplice degustazione. \u00c8 territorio, storia e condivisione.<br \/>\nA <strong data-start=\"640\" data-end=\"654\">Le Manzane<\/strong> abbiamo scelto di raccontare questo territorio anche attraverso un progetto che per noi ha un significato speciale: <strong data-start=\"771\" data-end=\"797\">l\u2019etichetta in Braille<\/strong> sulle bottiglie della nostra linea classica di <strong data-start=\"845\" data-end=\"897\">Conegliano Valdobbiadene Prosecco Superiore DOCG<\/strong>, nelle versioni <strong data-start=\"914\" data-end=\"927\">Extra Dry<\/strong> e <strong data-start=\"930\" data-end=\"938\">Brut<\/strong>.<br \/>\nUn dettaglio in rilievo che permette di <strong data-start=\"981\" data-end=\"1017\">leggere la bottiglia con le mani<\/strong>, aggiungendo un nuovo modo di vivere l\u2019esperienza del vino.<\/p>\n<h2 data-section-id=\"op9n7v\" data-start=\"1079\" data-end=\"1157\"><\/h2>\n<h2 data-section-id=\"op9n7v\" data-start=\"1079\" data-end=\"1157\">L\u2019etichetta in Braille sul Conegliano Valdobbiadene Prosecco Superiore DOCG<\/h2>\n<p data-start=\"1159\" data-end=\"1411\">Il vino \u00e8 un\u2019esperienza sensoriale fatta di profumi, sapori e atmosfera.<br data-start=\"1231\" data-end=\"1234\" \/>Con l\u2019introduzione dell\u2019<strong data-start=\"1258\" data-end=\"1346\">etichetta in Braille sul Conegliano Valdobbiadene Prosecco Superiore DOCG Le Manzane<\/strong>, abbiamo voluto aggiungere anche il <strong data-start=\"1383\" data-end=\"1392\">tatto<\/strong> a questo racconto.<\/p>\n<p data-start=\"1413\" data-end=\"1604\">I piccoli punti in rilievo presenti sull\u2019etichetta permettono di leggere il nome del vino direttamente con le dita, trasformando la bottiglia in un oggetto ancora pi\u00f9 accessibile e inclusivo.<\/p>\n<p data-start=\"1606\" data-end=\"1740\">Questo progetto riguarda la nostra <strong data-start=\"1641\" data-end=\"1711\">linea classica di Conegliano Valdobbiadene Prosecco Superiore DOCG<\/strong>, disponibile nelle versioni:<\/p>\n<ul data-start=\"1742\" data-end=\"1866\">\n<li data-section-id=\"cwry8x\" data-start=\"1742\" data-end=\"1806\">\n<p data-start=\"1744\" data-end=\"1806\"><strong data-start=\"1744\" data-end=\"1806\">Conegliano Valdobbiadene Prosecco Superiore DOCG Extra Dry<\/strong><\/p>\n<\/li>\n<li data-section-id=\"5ccbwl\" data-start=\"1807\" data-end=\"1866\">\n<p data-start=\"1809\" data-end=\"1866\"><strong data-start=\"1809\" data-end=\"1866\">Conegliano Valdobbiadene Prosecco Superiore DOCG Brut<\/strong><\/p>\n<\/li>\n<\/ul>\n<p data-start=\"1868\" data-end=\"1969\">Due interpretazioni che rappresentano lo stile della cantina e il carattere autentico del territorio.<a href=\"https:\/\/www.lemanzane.com\/wp-content\/uploads\/2026\/03\/IMG_1251.heic\"><img decoding=\"async\" loading=\"lazy\" class=\"wp-image-20190 alignright\" src=\"https:\/\/www.lemanzane.com\/wp-content\/uploads\/2026\/03\/IMG_1251.heic\" alt=\"\" width=\"293\" height=\"391\" \/><\/a><\/p>\n<h2 data-section-id=\"op9n7v\" data-start=\"1079\" data-end=\"1157\"><\/h2>\n<h2 data-section-id=\"9wta14\" data-start=\"1971\" data-end=\"2017\"><\/h2>\n<h2 data-section-id=\"9wta14\" data-start=\"1971\" data-end=\"2017\"><\/h2>\n<h2 data-section-id=\"9wta14\" data-start=\"1971\" data-end=\"2017\"><\/h2>\n<h2 data-section-id=\"9wta14\" data-start=\"1971\" data-end=\"2017\">Da dove nasce l\u2019idea?<\/h2>\n<p data-start=\"2019\" data-end=\"2207\">L\u2019etichetta in Braille nasce da un\u2019esperienza vissuta direttamente in vigna: <strong data-start=\"2096\" data-end=\"2132\">la Vendemmia Solidale Le Manzane<\/strong>, realizzata insieme all\u2019<strong data-start=\"2157\" data-end=\"2206\">Unione Italiana dei Ciechi e degli Ipovedenti<\/strong>. Durante questa giornata speciale, persone non vedenti e ipovedenti partecipano alla vendemmia tra i filari del <strong data-start=\"2320\" data-end=\"2372\">Conegliano Valdobbiadene Prosecco Superiore DOCG<\/strong>, condividendo uno dei momenti pi\u00f9 importanti dell\u2019anno per una cantina.<\/p>\n<p data-start=\"2446\" data-end=\"2584\">Da questa esperienza \u00e8 nata una riflessione semplice ma profonda: se il vino \u00e8 condivisione, deve poter essere vissuto davvero da tutti.<\/p>\n<p data-start=\"2446\" data-end=\"2584\">Da qui la decisione di introdurre <strong data-start=\"2620\" data-end=\"2725\">l\u2019etichetta in Braille sulle bottiglie di Conegliano Valdobbiadene Prosecco Superiore DOCG Le Manzane<\/strong>.<\/p>\n<h2 data-section-id=\"1kfqinc\" data-start=\"2728\" data-end=\"2770\"><\/h2>\n<h2 data-section-id=\"9wta14\" data-start=\"1971\" data-end=\"2017\"><img decoding=\"async\" loading=\"lazy\" class=\" wp-image-20177 aligncenter\" src=\"https:\/\/www.lemanzane.com\/wp-content\/uploads\/2026\/03\/Z5B5058-LM-Vendemmia-1-Settembre-2013-300x200.jpg\" alt=\"\" width=\"431\" height=\"287\" srcset=\"https:\/\/www.lemanzane.com\/wp-content\/uploads\/2026\/03\/Z5B5058-LM-Vendemmia-1-Settembre-2013-300x200.jpg 300w, https:\/\/www.lemanzane.com\/wp-content\/uploads\/2026\/03\/Z5B5058-LM-Vendemmia-1-Settembre-2013-1024x683.jpg 1024w, https:\/\/www.lemanzane.com\/wp-content\/uploads\/2026\/03\/Z5B5058-LM-Vendemmia-1-Settembre-2013-768x512.jpg 768w, https:\/\/www.lemanzane.com\/wp-content\/uploads\/2026\/03\/Z5B5058-LM-Vendemmia-1-Settembre-2013-1536x1024.jpg 1536w, https:\/\/www.lemanzane.com\/wp-content\/uploads\/2026\/03\/Z5B5058-LM-Vendemmia-1-Settembre-2013-2048x1365.jpg 2048w, https:\/\/www.lemanzane.com\/wp-content\/uploads\/2026\/03\/Z5B5058-LM-Vendemmia-1-Settembre-2013-400x267.jpg 400w, https:\/\/www.lemanzane.com\/wp-content\/uploads\/2026\/03\/Z5B5058-LM-Vendemmia-1-Settembre-2013-360x240.jpg 360w, https:\/\/www.lemanzane.com\/wp-content\/uploads\/2026\/03\/Z5B5058-LM-Vendemmia-1-Settembre-2013-1000x667.jpg 1000w\" sizes=\"(max-width: 431px) 100vw, 431px\" \/><\/h2>\n<h2 data-section-id=\"1kfqinc\" data-start=\"2728\" data-end=\"2770\"><\/h2>\n<h2 data-section-id=\"1kfqinc\" data-start=\"2728\" data-end=\"2770\">Un dettaglio che racconta il territorio<\/h2>\n<p data-start=\"2772\" data-end=\"2964\">Nel mondo del vino spesso sono i dettagli a fare la differenza. L\u2019etichetta in Braille non cambia il vino nel calice, ma <strong data-start=\"2895\" data-end=\"2963\">cambia il modo in cui una persona pu\u00f2 avvicinarsi alla bottiglia<\/strong>.<br \/>\nPer <strong data-start=\"2970\" data-end=\"2984\">Le Manzane<\/strong>, questo progetto rappresenta un modo concreto per unire <strong data-start=\"3041\" data-end=\"3086\">territorio, inclusione e cultura del vino<\/strong>.<\/p>\n<p>Perch\u00e9 ogni bottiglia di <strong data-start=\"3114\" data-end=\"3166\">Conegliano Valdobbiadene Prosecco Superiore DOCG<\/strong> racconta una storia.<br data-start=\"3187\" data-end=\"3190\" \/>E quella storia merita di essere letta da tutti!<\/p>\n<p><strong>Dove puoi acquistarla?<\/strong><br \/>\nShop, in via Maset 47\/B San Pietro di Feletto TV<\/p>\n<p>oppure online: <a href=\"http:\/\/www.lemanzane.com\/shop\">e-commerce LE MANZANE\u00a0<\/a><\/p>\n<p>&nbsp;<\/p>\n","protected":false},"author":3,"featured_media":20195,"template":"","meta":{"inline_featured_image":false},"acf":[],"yoast_head":"<!-- This site is optimized with the Yoast SEO plugin v21.3 - https:\/\/yoast.com\/wordpress\/plugins\/seo\/ -->\n<title>Un vino che si pu\u00f2 leggere: l\u2019etichetta in Braille del Conegliano Valdobbiadene Prosecco Superiore DOCG Le Manzane - Le Manzane<\/title>\n<meta name=\"description\" content=\"Le Manzane introduce l\u2019etichetta in Braille sul Conegliano Valdobbiadene Prosecco Superiore DOCG Extra Dry e Brut: un progetto nato dalla Vendemmia Solidale.\" \/>\n<meta name=\"robots\" content=\"index, follow, max-snippet:-1, max-image-preview:large, max-video-preview:-1\" \/>\n<link rel=\"canonical\" href=\"https:\/\/www.lemanzane.com\/en\/papercigno\/etichetta-braille-conegliano-valdobbiadene-prosecco-superiore-docg\" \/>\n<meta property=\"og:locale\" content=\"en_US\" \/>\n<meta property=\"og:type\" content=\"article\" \/>\n<meta property=\"og:title\" content=\"Un vino che si pu\u00f2 leggere: l\u2019etichetta in Braille del Conegliano Valdobbiadene Prosecco Superiore DOCG Le Manzane - Le Manzane\" \/>\n<meta property=\"og:description\" content=\"Le Manzane introduce l\u2019etichetta in Braille sul Conegliano Valdobbiadene Prosecco Superiore DOCG Extra Dry e Brut: un progetto nato dalla Vendemmia Solidale.\" \/>\n<meta property=\"og:url\" content=\"https:\/\/www.lemanzane.com\/en\/papercigno\/etichetta-braille-conegliano-valdobbiadene-prosecco-superiore-docg\" \/>\n<meta property=\"og:site_name\" content=\"Le Manzane\" \/>\n<meta property=\"article:modified_time\" content=\"2026-03-10T08:34:34+00:00\" \/>\n<meta property=\"og:image\" content=\"https:\/\/www.lemanzane.com\/wp-content\/uploads\/2026\/03\/Progetto-senza-titolo-14-1.png\" \/>\n\t<meta property=\"og:image:width\" content=\"1366\" \/>\n\t<meta property=\"og:image:height\" content=\"768\" \/>\n\t<meta property=\"og:image:type\" content=\"image\/png\" \/>\n<meta name=\"twitter:card\" content=\"summary_large_image\" \/>\n<meta name=\"twitter:label1\" content=\"Est. reading time\" \/>\n\t<meta name=\"twitter:data1\" content=\"3 minutes\" \/>\n<script type=\"application\/ld+json\" class=\"yoast-schema-graph\">{\"@context\":\"https:\/\/schema.org\",\"@graph\":[{\"@type\":\"WebPage\",\"@id\":\"https:\/\/www.lemanzane.com\/en\/papercigno\/etichetta-braille-conegliano-valdobbiadene-prosecco-superiore-docg\",\"url\":\"https:\/\/www.lemanzane.com\/en\/papercigno\/etichetta-braille-conegliano-valdobbiadene-prosecco-superiore-docg\",\"name\":\"Un vino che si pu\u00f2 leggere: l\u2019etichetta in Braille del Conegliano Valdobbiadene Prosecco Superiore DOCG Le Manzane - Le Manzane\",\"isPartOf\":{\"@id\":\"https:\/\/www.lemanzane.com\/en#website\"},\"datePublished\":\"2026-03-09T17:28:32+00:00\",\"dateModified\":\"2026-03-10T08:34:34+00:00\",\"description\":\"Le Manzane introduce l\u2019etichetta in Braille sul Conegliano Valdobbiadene Prosecco Superiore DOCG Extra Dry e Brut: un progetto nato dalla Vendemmia Solidale.\",\"breadcrumb\":{\"@id\":\"https:\/\/www.lemanzane.com\/en\/papercigno\/etichetta-braille-conegliano-valdobbiadene-prosecco-superiore-docg#breadcrumb\"},\"inLanguage\":\"en-US\",\"potentialAction\":[{\"@type\":\"ReadAction\",\"target\":[\"https:\/\/www.lemanzane.com\/en\/papercigno\/etichetta-braille-conegliano-valdobbiadene-prosecco-superiore-docg\"]}]},{\"@type\":\"BreadcrumbList\",\"@id\":\"https:\/\/www.lemanzane.com\/en\/papercigno\/etichetta-braille-conegliano-valdobbiadene-prosecco-superiore-docg#breadcrumb\",\"itemListElement\":[{\"@type\":\"ListItem\",\"position\":1,\"name\":\"Home\",\"item\":\"https:\/\/www.lemanzane.com\/en\"},{\"@type\":\"ListItem\",\"position\":2,\"name\":\"Un vino che si pu\u00f2 leggere: l\u2019etichetta in Braille del Conegliano Valdobbiadene Prosecco Superiore DOCG Le Manzane\"}]},{\"@type\":\"WebSite\",\"@id\":\"https:\/\/www.lemanzane.com\/en#website\",\"url\":\"https:\/\/www.lemanzane.com\/en\",\"name\":\"Le Manzane\",\"description\":\"Cantina a San Pietro di Feletto\",\"potentialAction\":[{\"@type\":\"SearchAction\",\"target\":{\"@type\":\"EntryPoint\",\"urlTemplate\":\"https:\/\/www.lemanzane.com\/en?s={search_term_string}\"},\"query-input\":\"required name=search_term_string\"}],\"inLanguage\":\"en-US\"}]}<\/script>\n<!-- \/ Yoast SEO plugin. -->","yoast_head_json":{"title":"Un vino che si pu\u00f2 leggere: l\u2019etichetta in Braille del Conegliano Valdobbiadene Prosecco Superiore DOCG Le Manzane - Le Manzane","description":"Le Manzane introduce l\u2019etichetta in Braille sul Conegliano Valdobbiadene Prosecco Superiore DOCG Extra Dry e Brut: un progetto nato dalla Vendemmia Solidale.","robots":{"index":"index","follow":"follow","max-snippet":"max-snippet:-1","max-image-preview":"max-image-preview:large","max-video-preview":"max-video-preview:-1"},"canonical":"https:\/\/www.lemanzane.com\/en\/papercigno\/etichetta-braille-conegliano-valdobbiadene-prosecco-superiore-docg","og_locale":"en_US","og_type":"article","og_title":"Un vino che si pu\u00f2 leggere: l\u2019etichetta in Braille del Conegliano Valdobbiadene Prosecco Superiore DOCG Le Manzane - Le Manzane","og_description":"Le Manzane introduce l\u2019etichetta in Braille sul Conegliano Valdobbiadene Prosecco Superiore DOCG Extra Dry e Brut: un progetto nato dalla Vendemmia Solidale.","og_url":"https:\/\/www.lemanzane.com\/en\/papercigno\/etichetta-braille-conegliano-valdobbiadene-prosecco-superiore-docg","og_site_name":"Le Manzane","article_modified_time":"2026-03-10T08:34:34+00:00","og_image":[{"width":1366,"height":768,"url":"https:\/\/www.lemanzane.com\/wp-content\/uploads\/2026\/03\/Progetto-senza-titolo-14-1.png","type":"image\/png"}],"twitter_card":"summary_large_image","twitter_misc":{"Est. reading time":"3 minutes"},"schema":{"@context":"https:\/\/schema.org","@graph":[{"@type":"WebPage","@id":"https:\/\/www.lemanzane.com\/en\/papercigno\/etichetta-braille-conegliano-valdobbiadene-prosecco-superiore-docg","url":"https:\/\/www.lemanzane.com\/en\/papercigno\/etichetta-braille-conegliano-valdobbiadene-prosecco-superiore-docg","name":"Un vino che si pu\u00f2 leggere: l\u2019etichetta in Braille del Conegliano Valdobbiadene Prosecco Superiore DOCG Le Manzane - Le Manzane","isPartOf":{"@id":"https:\/\/www.lemanzane.com\/en#website"},"datePublished":"2026-03-09T17:28:32+00:00","dateModified":"2026-03-10T08:34:34+00:00","description":"Le Manzane introduce l\u2019etichetta in Braille sul Conegliano Valdobbiadene Prosecco Superiore DOCG Extra Dry e Brut: un progetto nato dalla Vendemmia Solidale.","breadcrumb":{"@id":"https:\/\/www.lemanzane.com\/en\/papercigno\/etichetta-braille-conegliano-valdobbiadene-prosecco-superiore-docg#breadcrumb"},"inLanguage":"en-US","potentialAction":[{"@type":"ReadAction","target":["https:\/\/www.lemanzane.com\/en\/papercigno\/etichetta-braille-conegliano-valdobbiadene-prosecco-superiore-docg"]}]},{"@type":"BreadcrumbList","@id":"https:\/\/www.lemanzane.com\/en\/papercigno\/etichetta-braille-conegliano-valdobbiadene-prosecco-superiore-docg#breadcrumb","itemListElement":[{"@type":"ListItem","position":1,"name":"Home","item":"https:\/\/www.lemanzane.com\/en"},{"@type":"ListItem","position":2,"name":"Un vino che si pu\u00f2 leggere: l\u2019etichetta in Braille del Conegliano Valdobbiadene Prosecco Superiore DOCG Le Manzane"}]},{"@type":"WebSite","@id":"https:\/\/www.lemanzane.com\/en#website","url":"https:\/\/www.lemanzane.com\/en","name":"Le Manzane","description":"Cantina a San Pietro di Feletto","potentialAction":[{"@type":"SearchAction","target":{"@type":"EntryPoint","urlTemplate":"https:\/\/www.lemanzane.com\/en?s={search_term_string}"},"query-input":"required name=search_term_string"}],"inLanguage":"en-US"}]}},"_links":{"self":[{"href":"https:\/\/www.lemanzane.com\/en\/wp-json\/wp\/v2\/papercigno\/20176"}],"collection":[{"href":"https:\/\/www.lemanzane.com\/en\/wp-json\/wp\/v2\/papercigno"}],"about":[{"href":"https:\/\/www.lemanzane.com\/en\/wp-json\/wp\/v2\/types\/papercigno"}],"author":[{"embeddable":true,"href":"https:\/\/www.lemanzane.com\/en\/wp-json\/wp\/v2\/users\/3"}],"version-history":[{"count":3,"href":"https:\/\/www.lemanzane.com\/en\/wp-json\/wp\/v2\/papercigno\/20176\/revisions"}],"predecessor-version":[{"id":20194,"href":"https:\/\/www.lemanzane.com\/en\/wp-json\/wp\/v2\/papercigno\/20176\/revisions\/20194"}],"wp:featuredmedia":[{"embeddable":true,"href":"https:\/\/www.lemanzane.com\/en\/wp-json\/wp\/v2\/media\/20195"}],"wp:attachment":[{"href":"https:\/\/www.lemanzane.com\/en\/wp-json\/wp\/v2\/media?parent=20176"}],"curies":[{"name":"wp","href":"https:\/\/api.w.org\/{rel}","templated":true}]}}